{"id":1715,"date":"2022-12-19T09:29:53","date_gmt":"2022-12-19T09:29:53","guid":{"rendered":"https:\/\/www.forumeudebatt.se\/?page_id=1715"},"modified":"2023-02-13T12:46:14","modified_gmt":"2023-02-13T12:46:14","slug":"lankar","status":"publish","type":"page","link":"https:\/\/www.forumeudebatt.se\/?page_id=1715","title":{"rendered":"L\u00e4nkar"},"content":{"rendered":"\t\t<div data-elementor-type=\"wp-page\" data-elementor-id=\"1715\" class=\"elementor elementor-1715\">\n\t\t\t\t\t\t\t\t\t<section class=\"elementor-section elementor-top-section elementor-element elementor-element-4fc3aa9 elementor-section-boxed elementor-section-height-default elementor-section-height-default\" data-id=\"4fc3aa9\" data-element_type=\"section\">\n\t\t\t\t\t\t<div class=\"elementor-container elementor-column-gap-default\">\n\t\t\t\t\t<div class=\"elementor-column elementor-col-100 elementor-top-column elementor-element elementor-element-a1e1d0c\" data-id=\"a1e1d0c\" data-element_type=\"column\">\n\t\t\t<div class=\"elementor-widget-wrap elementor-element-populated\">\n\t\t\t\t\t\t\t\t<div class=\"elementor-element elementor-element-c79b866 elementor-widget elementor-widget-wp-widget-links\" data-id=\"c79b866\" data-element_type=\"widget\" data-widget_type=\"wp-widget-links.default\">\n\t\t\t\t<div class=\"elementor-widget-container\">\n\t\t\t<h5>L\u00e4nkar<\/h5>\n\t<ul class='xoxo blogroll'>\n<li><a href=\"https:\/\/ec.europa.eu\/sweden\/home_sv\" rel=\"noopener\" target=\"_blank\">EU-kommissionen i Sverige<\/a><\/li>\n<li><a href=\"https:\/\/eusverige.se\/#\/framsidan\" rel=\"noopener\" target=\"_blank\">EU-Sverige &#8211; info o debatt<\/a><\/li>\n<li><a href=\"https:\/\/europakommentaren.eu\/\" rel=\"noopener\" target=\"_blank\">Europakommentaren<\/a><\/li>\n<li><a href=\"http:\/\/www.europaportalen.se\/\" rel=\"noopener\" target=\"_blank\">Europaportalen<\/a><\/li>\n<li><a href=\"https:\/\/eurooppatiedotus.fi\/sv\/\">Finsk europainformation<\/a><\/li>\n<li><a href=\"http:\/\/www.facebook.com\/ForumEuDebatt\" rel=\"noopener\" target=\"_blank\">Forum f\u00f6r EU-debatts sida p\u00e5 Facebook<\/a><\/li>\n<li><a href=\"https:\/\/www.nytteuropa.se\/\" rel=\"noopener\" title=\"Nytt Europa debatterar och folkbildar om EU:s utveckling utifr\u00e5n en kritisk utg\u00e5ngspunkt gentemot den st\u00e4ndigt \u00f6kade centraliseringen och den v\u00e4xande EU-budgeten.\" target=\"_blank\">Nytt Europa<\/a><\/li>\n<li><a href=\"http:\/\/europa.eu\/index_sv.htm\" rel=\"noopener\" target=\"_blank\">Officiell sida &#8211; Europeiska Unionen<\/a><\/li>\n<li><a href=\"http:\/\/omeuropa.se\/\" rel=\"noopener\" target=\"_blank\">Om Europa<\/a><\/li>\n<li><a href=\"http:\/\/brysselbubblan.libsyn.com\/\" rel=\"noopener\" target=\"_blank\">Podd: Brysselbubblan<\/a><\/li>\n<li><a href=\"http:\/\/sverigesradio.se\/europapodden\" rel=\"noopener\" target=\"_blank\">Podd: Europapodden SR<\/a><\/li>\n<li><a href=\"http:\/\/www.riksdagen.se\/sv\/Utskott-EU-namnd\/EU-namnden\/\" rel=\"noopener\" target=\"_blank\">Riksdagen EU-n\u00e4mnden<\/a><\/li>\n<li><a href=\"https:\/\/eu.riksdagen.se\/\" rel=\"noopener\" target=\"_blank\">Riksdagens EU-upplysning<\/a><\/li>\n<li><a href=\"http:\/\/www.sieps.se\" rel=\"noopener\" target=\"_blank\">SIEPS<\/a><\/li>\n<li><a href=\"http:\/\/ekonomistas.se\/andra-bloggar\/\" rel=\"noopener\" target=\"_blank\">x \u00d6vrigt &#8211; Ekonomistas l\u00e4nkar<\/a><\/li>\n\n\t<\/ul>\n\n\t\t<\/div>\n\t\t\t\t<\/div>\n\t\t\t\t\t<\/div>\n\t\t<\/div>\n\t\t\t\t\t\t\t<\/div>\n\t\t<\/section>\n\t\t\t\t\t\t\t<\/div>\n\t\t","protected":false},"excerpt":{"rendered":"","protected":false},"author":1,"featured_media":0,"parent":0,"menu_order":0,"comment_status":"closed","ping_status":"closed","template":"","meta":{"_mi_skip_tracking":false},"_links":{"self":[{"href":"https:\/\/www.forumeudebatt.se\/index.php?rest_route=\/wp\/v2\/pages\/1715"}],"collection":[{"href":"https:\/\/www.forumeudebatt.se\/index.php?rest_route=\/wp\/v2\/pages"}],"about":[{"href":"https:\/\/www.forumeudebatt.se\/index.php?rest_route=\/wp\/v2\/types\/page"}],"author":[{"embeddable":true,"href":"https:\/\/www.forumeudebatt.se\/index.php?rest_route=\/wp\/v2\/users\/1"}],"replies":[{"embeddable":true,"href":"https:\/\/www.forumeudebatt.se\/index.php?rest_route=%2Fwp%2Fv2%2Fcomments&post=1715"}],"version-history":[{"count":7,"href":"https:\/\/www.forumeudebatt.se\/index.php?rest_route=\/wp\/v2\/pages\/1715\/revisions"}],"predecessor-version":[{"id":1883,"href":"https:\/\/www.forumeudebatt.se\/index.php?rest_route=\/wp\/v2\/pages\/1715\/revisions\/1883"}],"wp:attachment":[{"href":"https:\/\/www.forumeudebatt.se\/index.php?rest_route=%2Fwp%2Fv2%2Fmedia&parent=1715"}],"curies":[{"name":"wp","href":"https:\/\/api.w.org\/{rel}","templated":true}]}}