{"id":279,"date":"2013-05-09T19:10:12","date_gmt":"2013-05-09T19:10:12","guid":{"rendered":"http:\/\/forumeudebatt.se\/?page_id=279"},"modified":"2023-01-23T16:09:28","modified_gmt":"2023-01-23T16:09:28","slug":"rapporter","status":"publish","type":"page","link":"https:\/\/www.forumeudebatt.se\/?page_id=279","title":{"rendered":"Rapporter"},"content":{"rendered":"\n<div class=\"is-layout-flex wp-container-3 wp-block-columns\" style=\"padding-top:var(--wp--preset--spacing--20);padding-right:var(--wp--preset--spacing--20);padding-bottom:var(--wp--preset--spacing--20);padding-left:var(--wp--preset--spacing--20)\">\n<div class=\"is-layout-flow wp-block-column\" style=\"flex-basis:33.33%\">\n<figure class=\"wp-block-image size-large\"><a href=\"https:\/\/www.forumeudebatt.se\/wp-content\/uploads\/2014\/05\/Rapport-8-Sigfrid-Leijonhufvud.jpg\"><img decoding=\"async\" loading=\"lazy\" width=\"721\" height=\"1024\" src=\"https:\/\/www.forumeudebatt.se\/wp-content\/uploads\/2014\/05\/Rapport-8-Sigfrid-Leijonhufvud-721x1024.jpg\" alt=\"\" class=\"wp-image-790\" srcset=\"https:\/\/www.forumeudebatt.se\/wp-content\/uploads\/2014\/05\/Rapport-8-Sigfrid-Leijonhufvud-721x1024.jpg 721w, https:\/\/www.forumeudebatt.se\/wp-content\/uploads\/2014\/05\/Rapport-8-Sigfrid-Leijonhufvud-211x300.jpg 211w, https:\/\/www.forumeudebatt.se\/wp-content\/uploads\/2014\/05\/Rapport-8-Sigfrid-Leijonhufvud.jpg 1748w\" sizes=\"(max-width: 721px) 100vw, 721px\" \/><\/a><\/figure>\n<\/div>\n\n\n\n<div class=\"is-layout-flow wp-block-column\" style=\"flex-basis:66.67%\">\n<p>Rapport nr 8<\/p>\n\n\n\n<p>Sigfrid Leijonhufvud<br><em>Vad har de i EU att g\u00f6ra? Partierna inf\u00f6r valet till Europaparlamentet<\/em><\/p>\n\n\n\n<p>Rapporten kan laddas ner \u2013 klicka\u00a0<strong><a rel=\"noreferrer noopener\" href=\"http:\/\/www.forumeudebatt.se\/wp-content\/uploads\/2014\/05\/Rapport-Sigvard-Leijonhufvud-8.pdf\" target=\"_blank\">h\u00e4r<\/a><\/strong><br>Se videon fr\u00e5n seminariet \u2013 klicka<strong>\u00a0<a rel=\"noreferrer noopener\" href=\"https:\/\/www.youtube.com\/watch?v=noquslGZF-g\" target=\"_blank\">h\u00e4r<\/a><\/strong><\/p>\n<\/div>\n<\/div>\n\n\n\n<div class=\"is-layout-flex wp-container-6 wp-block-columns\" style=\"padding-top:var(--wp--preset--spacing--20);padding-right:var(--wp--preset--spacing--20);padding-bottom:var(--wp--preset--spacing--20);padding-left:var(--wp--preset--spacing--20)\">\n<div class=\"is-layout-flow wp-block-column\" style=\"flex-basis:33.33%\">\n<figure class=\"wp-block-image size-full\"><a href=\"https:\/\/www.forumeudebatt.se\/wp-content\/uploads\/2014\/04\/Rapport-7_Anell-framsida.jpg\"><img decoding=\"async\" loading=\"lazy\" width=\"1748\" height=\"2480\" src=\"https:\/\/www.forumeudebatt.se\/wp-content\/uploads\/2014\/04\/Rapport-7_Anell-framsida.jpg\" alt=\"\" class=\"wp-image-762\"\/><\/a><\/figure>\n<\/div>\n\n\n\n<div class=\"is-layout-flow wp-block-column\" style=\"flex-basis:66.66%\">\n<p>Rapport nr 7<\/p>\n\n\n\n<p>Lars Anell<br><em>Democracy in Europe \u2013 An essay on the real democratic problem in the European Union<\/em><\/p>\n\n\n\n<p>Rapporten kan laddas ned som\u00a0<strong><a rel=\"noreferrer noopener\" href=\"http:\/\/www.forumeudebatt.se\/wp-content\/uploads\/2014\/05\/Rapport-7-Anell-slutversion.pdf\" target=\"_blank\">PDF-fil<\/a><\/strong><br>F\u00f6r att se videon fr\u00e5n presentationen av rapporten\u00a0<strong><a rel=\"noreferrer noopener\" href=\"https:\/\/www.youtube.com\/watch?v=05YCqJJRb_g\" target=\"_blank\">klicka h\u00e4r<\/a><\/strong><\/p>\n<\/div>\n<\/div>\n\n\n\n<div class=\"is-layout-flex wp-container-9 wp-block-columns\" style=\"padding-top:var(--wp--preset--spacing--20);padding-right:var(--wp--preset--spacing--20);padding-bottom:var(--wp--preset--spacing--20);padding-left:var(--wp--preset--spacing--20)\">\n<div class=\"is-layout-flow wp-block-column\" style=\"flex-basis:33.33%\">\n<figure class=\"wp-block-image size-large\"><a href=\"https:\/\/www.forumeudebatt.se\/wp-content\/uploads\/2014\/05\/Rapport-6_framsida-Ami.jpg\"><img decoding=\"async\" loading=\"lazy\" width=\"721\" height=\"1024\" src=\"https:\/\/www.forumeudebatt.se\/wp-content\/uploads\/2014\/05\/Rapport-6_framsida-Ami-721x1024.jpg\" alt=\"\" class=\"wp-image-819\" srcset=\"https:\/\/www.forumeudebatt.se\/wp-content\/uploads\/2014\/05\/Rapport-6_framsida-Ami-721x1024.jpg 721w, https:\/\/www.forumeudebatt.se\/wp-content\/uploads\/2014\/05\/Rapport-6_framsida-Ami-211x300.jpg 211w, https:\/\/www.forumeudebatt.se\/wp-content\/uploads\/2014\/05\/Rapport-6_framsida-Ami.jpg 1748w\" sizes=\"(max-width: 721px) 100vw, 721px\" \/><\/a><\/figure>\n<\/div>\n\n\n\n<div class=\"is-layout-flow wp-block-column\" style=\"flex-basis:66.66%\">\n<p>Rapport nr 6<\/p>\n\n\n\n<p>Anne-Marie P\u00e5lsson<br><em>EU-n\u00e4mnden \u2013 riksdagens vakande \u00f6ga eller regeringens lydiga spr\u00e5kr\u00f6r?\u00a0<\/em><\/p>\n\n\n\n<p>Rapporten kan laddas ned som\u00a0<a href=\"http:\/\/www.forumeudebatt.se\/wp-content\/uploads\/2015\/04\/Rapport-6-Ami.pdf\" target=\"_blank\" rel=\"noreferrer noopener\"><strong>PDF-fil<\/strong><\/a><br>F\u00f6r att se videon fr\u00e5n presentationen av rapporten\u00a0<strong><a rel=\"noreferrer noopener\" href=\"https:\/\/www.youtube.com\/watch?v=LXGRayy8Xks&amp;feature=youtu.be\" target=\"_blank\">klicka h\u00e4r<\/a><\/strong><\/p>\n<\/div>\n<\/div>\n\n\n\n<div class=\"is-layout-flex wp-container-12 wp-block-columns\" style=\"padding-top:var(--wp--preset--spacing--20);padding-right:var(--wp--preset--spacing--20);padding-bottom:var(--wp--preset--spacing--20);padding-left:var(--wp--preset--spacing--20)\">\n<div class=\"is-layout-flow wp-block-column\" style=\"flex-basis:33.33%\">\n<figure class=\"wp-block-image size-full\"><a href=\"https:\/\/www.forumeudebatt.se\/wp-content\/uploads\/2014\/02\/Rapport5_resize.jpg\"><img decoding=\"async\" loading=\"lazy\" width=\"612\" height=\"868\" src=\"https:\/\/www.forumeudebatt.se\/wp-content\/uploads\/2014\/02\/Rapport5_resize.jpg\" alt=\"\" class=\"wp-image-582\"\/><\/a><\/figure>\n<\/div>\n\n\n\n<div class=\"is-layout-flow wp-block-column\" style=\"flex-basis:66.66%\">\n<p>Rapport nr 5<\/p>\n\n\n\n<p>Sverker Gustavsson<br><em>Unionens demokratiska underskott<\/em><\/p>\n\n\n\n<p>Rapporten kan laddas ned som\u00a0<strong><a href=\"http:\/\/www.forumeudebatt.se\/wp-content\/uploads\/2014\/02\/Rapport-5-Sverker-Gustavsson.pdf\" target=\"_blank\" rel=\"noreferrer noopener\">PDF-fil<\/a><\/strong><br>F\u00f6r att se videon\u00a0fr\u00e5n presentationen av rapporten<a rel=\"noreferrer noopener\" href=\"http:\/\/www.youtube.com\/watch?v=cU18CehIOE0&amp;feature=youtu.be\" target=\"_blank\">\u00a0<strong>klicka h\u00e4r<\/strong><\/a><\/p>\n<\/div>\n<\/div>\n\n\n\n<div class=\"is-layout-flex wp-container-15 wp-block-columns\" style=\"padding-top:var(--wp--preset--spacing--20);padding-right:var(--wp--preset--spacing--20);padding-bottom:var(--wp--preset--spacing--20);padding-left:var(--wp--preset--spacing--20)\">\n<div class=\"is-layout-flow wp-block-column\" style=\"flex-basis:33.33%\">\n<figure class=\"wp-block-image size-full\"><a href=\"https:\/\/www.forumeudebatt.se\/wp-content\/uploads\/2013\/11\/Rapport4_omslag_framsida-e1383680671658.jpg\"><img decoding=\"async\" loading=\"lazy\" width=\"300\" height=\"425\" src=\"https:\/\/www.forumeudebatt.se\/wp-content\/uploads\/2013\/11\/Rapport4_omslag_framsida-e1383680671658.jpg\" alt=\"\" class=\"wp-image-517\"\/><\/a><\/figure>\n<\/div>\n\n\n\n<div class=\"is-layout-flow wp-block-column\" style=\"flex-basis:66.66%\">\n<p><a href=\"http:\/\/www.forumeudebatt.se\/content\/uploads\/2013\/08\/Flexibel-integration-Nils-Lundgren.jpg\"><\/a>Rapport nr 4<\/p>\n\n\n\n<p>Lars Anell<br><em>EU:s budget p\u00e5 tv\u00e4rs mot Lissabonstrategin<\/em><\/p>\n\n\n\n<p>Rapporten kan laddas ned som <strong><a href=\"http:\/\/www.forumeudebatt.se\/wp-content\/uploads\/2013\/11\/Rapport4.pdf\" target=\"_blank\" rel=\"noreferrer noopener\">PDF-fil<\/a><\/strong><br>F\u00f6r att se videon\u00a0fr\u00e5n presentationen av rapporten <strong><a rel=\"noreferrer noopener\" href=\"http:\/\/abfplay.se\/Video\/Player\/2189\" target=\"_blank\">klicka h\u00e4r<\/a><\/strong><\/p>\n<\/div>\n<\/div>\n\n\n\n<div class=\"is-layout-flex wp-container-18 wp-block-columns\" style=\"padding-top:var(--wp--preset--spacing--20);padding-right:var(--wp--preset--spacing--20);padding-bottom:var(--wp--preset--spacing--20);padding-left:var(--wp--preset--spacing--20)\">\n<div class=\"is-layout-flow wp-block-column\" style=\"flex-basis:33.33%\">\n<figure class=\"wp-block-image size-full\"><a href=\"https:\/\/www.forumeudebatt.se\/wp-content\/uploads\/2013\/08\/Flexibel-integration-Nils-Lundgren.jpg\"><img decoding=\"async\" loading=\"lazy\" width=\"420\" height=\"595\" src=\"https:\/\/www.forumeudebatt.se\/wp-content\/uploads\/2013\/08\/Flexibel-integration-Nils-Lundgren.jpg\" alt=\"\" class=\"wp-image-453\"\/><\/a><\/figure>\n<\/div>\n\n\n\n<div class=\"is-layout-flow wp-block-column\" style=\"flex-basis:66.66%\">\n<p>Rapport nr 3<\/p>\n\n\n\n<p>Nils Lundgren<br><em>Flexibel integration &#8211; m\u00e5ste alla l\u00e4nder vara med i allt EU-samarbete<\/em><\/p>\n\n\n\n<p>Rapporten kan laddas ned som <strong><a href=\"http:\/\/www.forumeudebatt.se\/wp-content\/uploads\/2013\/08\/Rapport3-Flexibel-integration-Nils-Lundgren.pdf\" target=\"_blank\" rel=\"noreferrer noopener\">PDF-fil<\/a><\/strong><br>F\u00f6r att se videon\u00a0fr\u00e5n presentationen av rapporten <strong><a rel=\"noreferrer noopener\" href=\"http:\/\/abfplay.se\/Video\/Player\/1973\" target=\"_blank\">klicka h\u00e4r<\/a><\/strong><\/p>\n<\/div>\n<\/div>\n\n\n\n<div class=\"is-layout-flex wp-container-21 wp-block-columns\">\n<div class=\"is-layout-flow wp-block-column\" style=\"padding-top:var(--wp--preset--spacing--20);padding-right:var(--wp--preset--spacing--20);padding-bottom:var(--wp--preset--spacing--20);padding-left:var(--wp--preset--spacing--20);flex-basis:33.33%\">\n<figure class=\"wp-block-image size-full\"><a href=\"https:\/\/www.forumeudebatt.se\/wp-content\/uploads\/2013\/05\/Rapport2-omslag-De-Vylder.jpg\"><img decoding=\"async\" loading=\"lazy\" width=\"420\" height=\"595\" src=\"https:\/\/www.forumeudebatt.se\/wp-content\/uploads\/2013\/05\/Rapport2-omslag-De-Vylder.jpg\" alt=\"\" class=\"wp-image-409\" srcset=\"https:\/\/www.forumeudebatt.se\/wp-content\/uploads\/2013\/05\/Rapport2-omslag-De-Vylder.jpg 420w, https:\/\/www.forumeudebatt.se\/wp-content\/uploads\/2013\/05\/Rapport2-omslag-De-Vylder-211x300.jpg 211w\" sizes=\"(max-width: 420px) 100vw, 420px\" \/><\/a><\/figure>\n<\/div>\n\n\n\n<div class=\"is-layout-flow wp-block-column\" style=\"flex-basis:66.66%\">\n<p>Rapport nr 2<\/p>\n\n\n\n<p>Stefan de Vylder<br><em>Eurokrisen och Finanspakten: Ur askan i elden<\/em><\/p>\n\n\n\n<p>Rapporten kan laddas ned som\u00a0<strong><a href=\"http:\/\/www.forumeudebatt.se\/wp-content\/uploads\/2013\/05\/Rapport2-de-Vylder-maj-2003.pdf\" target=\"_blank\" rel=\"noreferrer noopener\">PDF-fil<\/a><\/strong><br>F\u00f6r att se videon\u00a0fr\u00e5n presentationen av rapporten\u00a0<strong><a rel=\"noreferrer noopener\" href=\"http:\/\/abfplay.se\/Video\/Player\/1839\" target=\"_blank\">klicka h\u00e4r<\/a><\/strong><\/p>\n<\/div>\n<\/div>\n\n\n\n<div class=\"is-layout-flex wp-container-24 wp-block-columns\" style=\"padding-top:var(--wp--preset--spacing--20);padding-right:var(--wp--preset--spacing--20);padding-bottom:var(--wp--preset--spacing--20);padding-left:var(--wp--preset--spacing--20)\">\n<div class=\"is-layout-flow wp-block-column\" style=\"flex-basis:33.33%\">\n<figure class=\"wp-block-image size-full\"><a href=\"https:\/\/www.forumeudebatt.se\/wp-content\/uploads\/2013\/05\/Rapport_1-Ami-fr-Eva-Byberg.jpg\"><img decoding=\"async\" loading=\"lazy\" width=\"420\" height=\"595\" src=\"https:\/\/www.forumeudebatt.se\/wp-content\/uploads\/2013\/05\/Rapport_1-Ami-fr-Eva-Byberg.jpg\" alt=\"\" class=\"wp-image-433\" srcset=\"https:\/\/www.forumeudebatt.se\/wp-content\/uploads\/2013\/05\/Rapport_1-Ami-fr-Eva-Byberg.jpg 420w, https:\/\/www.forumeudebatt.se\/wp-content\/uploads\/2013\/05\/Rapport_1-Ami-fr-Eva-Byberg-211x300.jpg 211w\" sizes=\"(max-width: 420px) 100vw, 420px\" \/><\/a><\/figure>\n<\/div>\n\n\n\n<div class=\"is-layout-flow wp-block-column\" style=\"flex-basis:66.66%\">\n<p>Rapport nr 1<\/p>\n\n\n\n<p>Anne-Marie P\u00e5lsson<br><em>Subsidiaritet &#8211; ett tomt l\u00f6fte<\/em><\/p>\n\n\n\n<p>Rapporten kan laddas ned som\u00a0<strong><a href=\"http:\/\/forumeudebatt.se\/wp-content\/uploads\/2013\/04\/Subsidiaritet-Anne-Marie-P%C3%A5lsson.pdf\" target=\"_blank\" rel=\"noreferrer noopener\">PDF-fil<\/a><\/strong><br>F\u00f6r att se videon\u00a0fr\u00e5n presentationen av rapporten <strong><a href=\"http:\/\/www.forumeudebatt.se\/?p=213\">klicka h\u00e4r<\/a><\/strong>.<\/p>\n<\/div>\n<\/div>\n","protected":false},"excerpt":{"rendered":"<p>Rapport nr 8 Sigfrid LeijonhufvudVad har de i EU att g\u00f6ra? Partierna inf\u00f6r valet till Europaparlamentet Rapporten kan laddas ner \u2013 klicka\u00a0h\u00e4rSe videon fr\u00e5n seminariet \u2013 klicka\u00a0h\u00e4r Rapport nr 7 Lars AnellDemocracy in Europe \u2013 An essay on the real democratic problem in the European Union Rapporten kan laddas ned som\u00a0PDF-filF\u00f6r att se videon fr\u00e5n&hellip; <a class=\"more-link\" href=\"https:\/\/www.forumeudebatt.se\/?page_id=279\">Continue reading <span class=\"screen-reader-text\">Rapporter<\/span><\/a><\/p>\n","protected":false},"author":1,"featured_media":0,"parent":0,"menu_order":0,"comment_status":"open","ping_status":"open","template":"","meta":{"_mi_skip_tracking":false},"_links":{"self":[{"href":"https:\/\/www.forumeudebatt.se\/index.php?rest_route=\/wp\/v2\/pages\/279"}],"collection":[{"href":"https:\/\/www.forumeudebatt.se\/index.php?rest_route=\/wp\/v2\/pages"}],"about":[{"href":"https:\/\/www.forumeudebatt.se\/index.php?rest_route=\/wp\/v2\/types\/page"}],"author":[{"embeddable":true,"href":"https:\/\/www.forumeudebatt.se\/index.php?rest_route=\/wp\/v2\/users\/1"}],"replies":[{"embeddable":true,"href":"https:\/\/www.forumeudebatt.se\/index.php?rest_route=%2Fwp%2Fv2%2Fcomments&post=279"}],"version-history":[{"count":112,"href":"https:\/\/www.forumeudebatt.se\/index.php?rest_route=\/wp\/v2\/pages\/279\/revisions"}],"predecessor-version":[{"id":1898,"href":"https:\/\/www.forumeudebatt.se\/index.php?rest_route=\/wp\/v2\/pages\/279\/revisions\/1898"}],"wp:attachment":[{"href":"https:\/\/www.forumeudebatt.se\/index.php?rest_route=%2Fwp%2Fv2%2Fmedia&parent=279"}],"curies":[{"name":"wp","href":"https:\/\/api.w.org\/{rel}","templated":true}]}}