{"id":5,"date":"2013-04-13T17:05:42","date_gmt":"2013-04-13T17:05:42","guid":{"rendered":"http:\/\/forumeudebatt.se\/?page_id=5"},"modified":"2024-03-18T09:19:40","modified_gmt":"2024-03-18T09:19:40","slug":"om-tankesmedjan","status":"publish","type":"page","link":"https:\/\/www.forumeudebatt.se\/?page_id=5","title":{"rendered":"Om oss"},"content":{"rendered":"<p>Forum f\u00f6r EU-debatt \u00e4r en tankesmedja som startades v\u00e5ren 2013, vars syfte \u00e4r att kritiskt granska EU fr\u00e5n samh\u00e4llsekonomiska och demokratiska utg\u00e5ngspunkter. Vi menar att det \u00e4r angel\u00e4get att vitalisera EU-debatten genom att \u00f6ppna den fr\u00e5n delvis nya utg\u00e5ngspunkter innan svenska folket g\u00e5r till EU-parlamentsval och riksdagsval \u00e5r 2014. Eurozonen g\u00e5r fr\u00e5n kris till kris, arbetsl\u00f6shet har exploderat i Sydeuropa och vi ser olycksb\u00e5dande politiska reaktioner bland medborgarna d\u00e4r. Motg\u00e5ngarna leder nu till nya, dramatiska st\u00e4llningstaganden om EU-samarbetets inriktning och omfattning. Det folkliga st\u00f6det f\u00f6r b\u00e5de valutaunionen och hela EU-projektet har enligt de flesta opinionsm\u00e4tningar fallit kraftigt \u00f6verallt i medlemsl\u00e4nderna. Det \u00e4r uppenbart att det kr\u00e4vs nyt\u00e4nkande och f\u00f6ruts\u00e4ttningsl\u00f6s debatt om hela det europeiska projektet.<\/p>\n<p>\u00a0<\/p>\n<p><strong>Organisation och finansiering<\/strong><\/p>\n<p>Tankesmedjan fungerar som ett informellt n\u00e4tverk som leds av en styrelse inom ramen f\u00f6r en ideell f\u00f6rening. Arbetet g\u00f6rs ideellt utan ers\u00e4ttning till styrelsen och f\u00f6rtroender\u00e5dets ledam\u00f6ter. Det kommer inte att finnas n\u00e5gra anst\u00e4llda med undantag av en timavl\u00f6nad assistent.<\/p>\n<p>Tankesmedjan finansieras f\u00f6r n\u00e4rvarande av intresserade privatpersoner. Finansiering kommer ocks\u00e5<br \/>att s\u00f6kas fr\u00e5n fonder, stiftelser och myndigheter i Sverige och allm\u00e4n insamling via n\u00e4tet.<\/p>\n<p>\u00a0<\/p>\n<p><strong>Styrelse<\/strong><\/p>\n<p>Michael Sohlman, ordf.<\/p>\n<p>Lennart Berg<\/p>\n<p>Nils Lundgren<\/p>\n<p>Eva Nisser<\/p>\n<p>Anne-Marie P\u00e5lsson<\/p>\n<p>Birgitta Swedenborg<\/p>\n<p>Hans Tson S\u00f6derstr\u00f6m<\/p>\n<p>\u00a0<\/p>\n<p><strong>F\u00f6rtroender\u00e5d<\/strong><\/p>\n<p>Ett f\u00f6rtroender\u00e5d har knutits till tankesmedjan. Till ledam\u00f6ter i f\u00f6rtroender\u00e5det v\u00e4ljs personer som st\u00f6der tankesmedjans verksamhetsid\u00e9 och som vill bidra med id\u00e9er och synpunkter p\u00e5 verksamheten. Hittills har f\u00f6ljande personer tackat ja till att ing\u00e5 i detta f\u00f6rtroender\u00e5d:<\/p>\n<table>\n<tbody>\n<tr>\n<td>Inga-Britt Ahlenius<\/td>\n<td>P-O Eriksson<\/td>\n<td>Eva Nisser<\/td>\n<\/tr>\n<tr>\n<td>Niklas Amberg<\/td>\n<td>Lotta Gr\u00f6ning<\/td>\n<td>Markus Pettersson<\/td>\n<\/tr>\n<tr>\n<td>Rune Andersson<\/td>\n<td>Sverker Gustavsson<\/td>\n<td>Mats Qviberg<\/td>\n<\/tr>\n<tr>\n<td>Lars Anell<\/td>\n<td>Sven Hagstr\u00f6mer<\/td>\n<td>Birgitta Swedenborg<\/td>\n<\/tr>\n<tr>\n<td>Anders Bj\u00f6rnsson<\/td>\n<td>Claes Hemberg<\/td>\n<td>Hans Tson S\u00f6derstr\u00f6m<\/td>\n<\/tr>\n<tr>\n<td>Runar Br\u00e4nnlund<\/td>\n<td>Nils Lundgren<\/td>\n<td>Carl Tham<\/td>\n<\/tr>\n<tr>\n<td>Stefan Carl\u00e9n<\/td>\n<td>Paulina Neuding<\/td>\n<td>G\u00f6sta Walin<\/td>\n<\/tr>\n<tr>\n<td>\u00a0<\/td>\n<td>\u00a0<\/td>\n<td>\u00a0<\/td>\n<\/tr>\n<\/tbody>\n<\/table>\n<p>En utf\u00f6rligare presentation av Forum f\u00f6r EU-debatt\u00a0<a style=\"font-family: var( --e-global-typography-text-font-family ), Sans-serif; background-color: #ffffff; font-size: var(--global--font-size-base);\" href=\"https:\/\/www.forumeudebatt.se\/wp-content\/uploads\/2014\/03\/Forum-f\u00f6r-EU-debatt-en-presentation-mars-14.pdf\" target=\"_blank\" rel=\"noopener\"><b>klicka h\u00e4r<\/b><\/a><\/p>\n<p>\u00a0<\/p>\n\n\n<\/p>\n<p>\n\n\n<p><\/p>","protected":false},"excerpt":{"rendered":"<p>Forum f\u00f6r EU-debatt \u00e4r en tankesmedja som startades v\u00e5ren 2013, vars syfte \u00e4r att kritiskt granska EU fr\u00e5n samh\u00e4llsekonomiska och demokratiska utg\u00e5ngspunkter. Vi menar att det \u00e4r angel\u00e4get att vitalisera EU-debatten genom att \u00f6ppna den fr\u00e5n delvis nya utg\u00e5ngspunkter innan svenska folket g\u00e5r till EU-parlamentsval och riksdagsval \u00e5r 2014. Eurozonen g\u00e5r fr\u00e5n kris till kris,&hellip; <a class=\"more-link\" href=\"https:\/\/www.forumeudebatt.se\/?page_id=5\">Continue reading <span class=\"screen-reader-text\">Om oss<\/span><\/a><\/p>\n","protected":false},"author":1,"featured_media":0,"parent":0,"menu_order":0,"comment_status":"open","ping_status":"closed","template":"","meta":{"_mi_skip_tracking":false},"_links":{"self":[{"href":"https:\/\/www.forumeudebatt.se\/index.php?rest_route=\/wp\/v2\/pages\/5"}],"collection":[{"href":"https:\/\/www.forumeudebatt.se\/index.php?rest_route=\/wp\/v2\/pages"}],"about":[{"href":"https:\/\/www.forumeudebatt.se\/index.php?rest_route=\/wp\/v2\/types\/page"}],"author":[{"embeddable":true,"href":"https:\/\/www.forumeudebatt.se\/index.php?rest_route=\/wp\/v2\/users\/1"}],"replies":[{"embeddable":true,"href":"https:\/\/www.forumeudebatt.se\/index.php?rest_route=%2Fwp%2Fv2%2Fcomments&post=5"}],"version-history":[{"count":64,"href":"https:\/\/www.forumeudebatt.se\/index.php?rest_route=\/wp\/v2\/pages\/5\/revisions"}],"predecessor-version":[{"id":1941,"href":"https:\/\/www.forumeudebatt.se\/index.php?rest_route=\/wp\/v2\/pages\/5\/revisions\/1941"}],"wp:attachment":[{"href":"https:\/\/www.forumeudebatt.se\/index.php?rest_route=%2Fwp%2Fv2%2Fmedia&parent=5"}],"curies":[{"name":"wp","href":"https:\/\/api.w.org\/{rel}","templated":true}]}}